{"id":22907,"date":"2023-09-20T10:03:12","date_gmt":"2023-09-20T08:03:12","guid":{"rendered":"https:\/\/fruitboomkwekerijmorren.nl\/obstbaeume\/gala-dark-ann\/"},"modified":"2025-08-26T13:59:25","modified_gmt":"2025-08-26T11:59:25","slug":"gala-dark-ann","status":"publish","type":"page","link":"https:\/\/fruitboomkwekerijmorren.nl\/de\/obstbaeume\/gala-dark-ann\/","title":{"rendered":"Gala Dark Ann\u00ae"},"content":{"rendered":"\t\t<div data-elementor-type=\"wp-page\" data-elementor-id=\"22907\" class=\"elementor elementor-22907 elementor-21829\">\n\t\t\t\t\t\t<section class=\"elementor-section elementor-top-section elementor-element elementor-element-82e4fd2 elementor-section-boxed elementor-section-height-default elementor-section-height-default\" data-id=\"82e4fd2\" data-element_type=\"section\" data-e-type=\"section\">\n\t\t\t\t\t\t<div class=\"elementor-container elementor-column-gap-default\">\n\t\t\t\t\t<div class=\"elementor-column elementor-col-50 elementor-top-column elementor-element elementor-element-512273b\" data-id=\"512273b\" data-element_type=\"column\" data-e-type=\"column\">\n\t\t\t<div class=\"elementor-widget-wrap elementor-element-populated\">\n\t\t\t\t\t\t<div class=\"elementor-element elementor-element-00a69bf scroll-motion-no elementor-widget elementor-widget-agrarium_image\" data-id=\"00a69bf\" data-element_type=\"widget\" data-e-type=\"widget\" data-widget_type=\"agrarium_image.default\">\n\t\t\t\t<div class=\"elementor-widget-container\">\n\t\t\t\t\t        <div class=\"image-widget\">\n            <div class=\"image-container image-style-default\">\n                <img decoding=\"async\" class=\"main-image\" src=\"https:\/\/fruitboomkwekerijmorren.nl\/wp-content\/uploads\/2023\/09\/gala-dark-ann.jpg\" alt=\"\" \/>\n                            <\/div>\n        <\/div>\n        \t\t\t\t<\/div>\n\t\t\t\t<\/div>\n\t\t\t\t<div class=\"elementor-element elementor-element-5090ca3 elementor-widget elementor-widget-spacer\" data-id=\"5090ca3\" data-element_type=\"widget\" data-e-type=\"widget\" data-widget_type=\"spacer.default\">\n\t\t\t\t<div class=\"elementor-widget-container\">\n\t\t\t\t\t\t\t<div class=\"elementor-spacer\">\n\t\t\t<div class=\"elementor-spacer-inner\"><\/div>\n\t\t<\/div>\n\t\t\t\t\t\t<\/div>\n\t\t\t\t<\/div>\n\t\t\t\t\t<\/div>\n\t\t<\/div>\n\t\t\t\t<div class=\"elementor-column elementor-col-50 elementor-top-column elementor-element elementor-element-db01974\" data-id=\"db01974\" data-element_type=\"column\" data-e-type=\"column\">\n\t\t\t<div class=\"elementor-widget-wrap elementor-element-populated\">\n\t\t\t\t\t\t<div class=\"elementor-element elementor-element-cdfc9a0 elementor-widget elementor-widget-agrarium_heading\" data-id=\"cdfc9a0\" data-element_type=\"widget\" data-e-type=\"widget\" data-widget_type=\"agrarium_heading.default\">\n\t\t\t\t<div class=\"elementor-widget-container\">\n\t\t\t\t\t<div class=\"agrarium-heading-widget\"><h2 class=\"agrarium-heading\"><span class=\"agrarium-subheading\">Malus domestica Gala Dark Ann\u00ae<\/span><span class=\"agrarium-heading-content\">Gala Dark Ann\u00ae<\/span><\/h2><\/div>\t\t\t\t<\/div>\n\t\t\t\t<\/div>\n\t\t\t\t<div class=\"elementor-element elementor-element-b179629 elementor-widget elementor-widget-spacer\" data-id=\"b179629\" data-element_type=\"widget\" data-e-type=\"widget\" data-widget_type=\"spacer.default\">\n\t\t\t\t<div class=\"elementor-widget-container\">\n\t\t\t\t\t\t\t<div class=\"elementor-spacer\">\n\t\t\t<div class=\"elementor-spacer-inner\"><\/div>\n\t\t<\/div>\n\t\t\t\t\t\t<\/div>\n\t\t\t\t<\/div>\n\t\t\t\t<div class=\"elementor-element elementor-element-d60dd70 elementor-widget elementor-widget-text-editor\" data-id=\"d60dd70\" data-element_type=\"widget\" data-e-type=\"widget\" data-widget_type=\"text-editor.default\">\n\t\t\t\t<div class=\"elementor-widget-container\">\n\t\t\t\t\t\t\t\t\t<p>Die \u00c4pfel der Sorte Gala Dark Ann\u00ae f\u00e4rben sich fr\u00fch, sodass die Ernte zum richtigen Reifezeitpunkt erfolgen kann. Je nach Ertrag kann die Sorte Gala Dark Ann\u00ae in zweimal geerntet werden. <\/p>\n<p>Ausstattung Gala Dark Ann\u00ae.<\/p>\n<table width=\"0\">\n<tbody>\n<tr>\n<td>\n<p><strong><em>Mutant von<\/em><\/strong><\/p>\n<\/td>\n<td>\n<p>Der Dark Ann\u00ae ist eine mutant der Gala.<\/p>\n<\/td>\n<\/tr>\n<tr>\n<td>\n<p><strong><em>Herkunft<\/em><\/strong><\/p>\n<\/td>\n<td>\n<p>Kaufmann (2007), S\u00fcdtirol, Italien. Die Vermehrung des Edelreises erfolgt bei der <a href=\"https:\/\/www.vermeerderingstuinen.nl\/\" target=\"_blank\" rel=\"noopener\">Vermeerderingstuinen<\/a> in Horst, Niederlande. <\/p>\n<\/td>\n<\/tr>\n<tr>\n<td>\n<p><strong><em>Wachstum<\/em><\/strong><\/p>\n<\/td>\n<td>\n<p>Der Gala Dark Ann\u00ae Baum w\u00e4chst normal und l\u00e4sst sich daher im Obstgarten gut pflegen.<\/p>\n<\/td>\n<\/tr>\n<tr>\n<td>\n<p><strong><em>Bl\u00fcte<\/em><\/strong><\/p>\n<\/td>\n<td>\n<p>Gala Dark Ann\u00ae bl\u00fcht ungef\u00e4hr zur gleichen Zeit wie Golden delicious. Geeignete befruchter sind <a href=\"https:\/\/fruitboomkwekerijmorren.nl\/vruchtbomen\/golden-delicious-reinders\/\">Golden delicious Reinders\u00ae<\/a>, <a href=\"https:\/\/fruitboomkwekerijmorren.nl\/vruchtbomen\/granny-smith\/\">Granny Smith<\/a>, Idared, Professor Sprenger und Evereste. Wenig empfindlich f\u00fcr Nachtfrost.  <\/p>\n<\/td>\n<\/tr>\n<tr>\n<td>\n<p><strong><em>Produktion<\/em><\/strong><\/p>\n<\/td>\n<td>\n<p>Die Gala Dark Ann\u00ae reift zwei bis vier Tage fr\u00fcher als andere Gala-Mutanten. Die Produktivit\u00e4t ist vergleichbar mit Gala. <\/p>\n<\/td>\n<\/tr>\n<tr>\n<td>\n<p><strong><em>Erntezeit<\/em><\/strong><\/p>\n<\/td>\n<td>\n<p>Zweite Augusth\u00e4lfte.<\/p>\n<\/td>\n<\/tr>\n<tr>\n<td>\n<p><strong><em>Aussehen<\/em><\/strong><\/p>\n<\/td>\n<td>\n<p>Ein auff\u00e4lliges Merkmal der Gala Dark Ann\u00ae \u00c4pfel ist ihre attraktive, nicht einheitliche, intensiv dunkelrote Farbe. Manchmal mit hellen Streifen. Die Gr\u00f6\u00dfe der \u00c4pfel ist vergleichbar mit normalen Gala \u00c4pfeln.  <\/p>\n<\/td>\n<\/tr>\n<tr>\n<td>\n<p><strong><em>Qualit\u00e4t<\/em><\/strong><\/p>\n<\/td>\n<td>\n<p>Das Fruchtfleisch der Dark Ann\u00ae ist saftig. Der Geschmack ist so, wie ein Gala schmecken sollte. <\/p>\n<\/td>\n<\/tr>\n<tr>\n<td>\n<p><strong><em>Lagerung<\/em><\/strong><\/p>\n<\/td>\n<td>\n<p>Die Lagerung ist bis Februar m\u00f6glich. Unter ULO-Bedingungen ist eine l\u00e4ngere Lagerung m\u00f6glich. Vergleichbar mit anderen Gala-Mutanten.  <\/p>\n<\/td>\n<\/tr>\n<tr>\n<td>\n<p><strong><em>Besonderheiten<\/em><\/strong><\/p>\n<\/td>\n<td>\n<p>Gut f\u00e4rbende Gala Mutante.<\/p>\n<\/td>\n<\/tr>\n<\/tbody>\n<\/table>\n\t\t\t\t\t\t\t\t<\/div>\n\t\t\t\t<\/div>\n\t\t\t\t<div class=\"elementor-element elementor-element-bc96dda elementor-widget elementor-widget-spacer\" data-id=\"bc96dda\" data-element_type=\"widget\" data-e-type=\"widget\" data-widget_type=\"spacer.default\">\n\t\t\t\t<div class=\"elementor-widget-container\">\n\t\t\t\t\t\t\t<div class=\"elementor-spacer\">\n\t\t\t<div class=\"elementor-spacer-inner\"><\/div>\n\t\t<\/div>\n\t\t\t\t\t\t<\/div>\n\t\t\t\t<\/div>\n\t\t\t\t<div class=\"elementor-element elementor-element-91b6b73 elementor-widget elementor-widget-agrarium_button\" data-id=\"91b6b73\" data-element_type=\"widget\" data-e-type=\"widget\" data-widget_type=\"agrarium_button.default\">\n\t\t\t\t<div class=\"elementor-widget-container\">\n\t\t\t\t\t\n        <div class=\"button-widget\">\n            <div class=\"button-container\">\n                <a class=\"agrarium-button\" href=\"\/de\/obstbaeume\" >&lt; \u00dcbersicht<\/a>\n            <\/div>\n        <\/div>\n        \t\t\t\t<\/div>\n\t\t\t\t<\/div>\n\t\t\t\t<div class=\"elementor-element elementor-element-cd8e8f0 elementor-widget elementor-widget-spacer\" data-id=\"cd8e8f0\" data-element_type=\"widget\" data-e-type=\"widget\" data-widget_type=\"spacer.default\">\n\t\t\t\t<div class=\"elementor-widget-container\">\n\t\t\t\t\t\t\t<div class=\"elementor-spacer\">\n\t\t\t<div class=\"elementor-spacer-inner\"><\/div>\n\t\t<\/div>\n\t\t\t\t\t\t<\/div>\n\t\t\t\t<\/div>\n\t\t\t\t\t<\/div>\n\t\t<\/div>\n\t\t\t\t\t<\/div>\n\t\t<\/section>\n\t\t\t\t<section class=\"elementor-section elementor-top-section elementor-element elementor-element-0dab34e elementor-section-boxed elementor-section-height-default elementor-section-height-default\" data-id=\"0dab34e\" data-element_type=\"section\" data-e-type=\"section\" data-settings=\"{&quot;background_background&quot;:&quot;classic&quot;}\">\n\t\t\t\t\t\t<div class=\"elementor-container elementor-column-gap-default\">\n\t\t\t\t\t<div class=\"elementor-column elementor-col-100 elementor-top-column elementor-element elementor-element-5c76369\" data-id=\"5c76369\" data-element_type=\"column\" data-e-type=\"column\">\n\t\t\t<div class=\"elementor-widget-wrap elementor-element-populated\">\n\t\t\t\t\t\t<div class=\"elementor-element elementor-element-f296dcd elementor-widget elementor-widget-text-editor\" data-id=\"f296dcd\" data-element_type=\"widget\" data-e-type=\"widget\" data-widget_type=\"text-editor.default\">\n\t\t\t\t<div class=\"elementor-widget-container\">\n\t\t\t\t\t\t\t\t\t<h5 style=\"text-align: center;\"><span style=\"color: #7cb306;\">Gesunde Gala Dark Ann\u00ae B\u00e4ume<\/span><\/h5>\n<p style=\"text-align: center;\">Suchen Sie Gala Dark Ann\u00ae Obstb\u00e4ume f\u00fcr Ihren Obstbaubetrieb? Fragen Sie unverbindlich nach der Verf\u00fcgbarkeit. <\/p>\n\t\t\t\t\t\t\t\t<\/div>\n\t\t\t\t<\/div>\n\t\t\t\t<div class=\"elementor-element elementor-element-8d597a0 elementor-widget elementor-widget-spacer\" data-id=\"8d597a0\" data-element_type=\"widget\" data-e-type=\"widget\" data-widget_type=\"spacer.default\">\n\t\t\t\t<div class=\"elementor-widget-container\">\n\t\t\t\t\t\t\t<div class=\"elementor-spacer\">\n\t\t\t<div class=\"elementor-spacer-inner\"><\/div>\n\t\t<\/div>\n\t\t\t\t\t\t<\/div>\n\t\t\t\t<\/div>\n\t\t\t\t<div class=\"elementor-element elementor-element-0a27c3e elementor-widget elementor-widget-agrarium_button\" data-id=\"0a27c3e\" data-element_type=\"widget\" data-e-type=\"widget\" data-widget_type=\"agrarium_button.default\">\n\t\t\t\t<div class=\"elementor-widget-container\">\n\t\t\t\t\t\n        <div class=\"button-widget\">\n            <div class=\"button-container\">\n                <a class=\"agrarium-button\" href=\"\/de\/kontakt\" >Mehr Infos &gt;<\/a>\n            <\/div>\n        <\/div>\n        \t\t\t\t<\/div>\n\t\t\t\t<\/div>\n\t\t\t\t\t<\/div>\n\t\t<\/div>\n\t\t\t\t\t<\/div>\n\t\t<\/section>\n\t\t\t\t<\/div>\n\t\t","protected":false},"excerpt":{"rendered":"<p>Die \u00c4pfel der Sorte Gala Dark Ann\u00ae f\u00e4rben sich fr\u00fch, sodass die Ernte zum richtigen Reifezeitpunkt erfolgen kann. Je nach Ertrag kann die Sorte Gala Dark Ann\u00ae in zweimal geerntet werden. Ausstattung Gala Dark Ann\u00ae. Mutant von Der Dark Ann\u00ae ist&#8230;<\/p>\n","protected":false},"author":1,"featured_media":0,"parent":21993,"menu_order":0,"comment_status":"closed","ping_status":"closed","template":"","meta":{"om_disable_all_campaigns":false,"_monsterinsights_skip_tracking":false,"footnotes":""},"class_list":["post-22907","page","type-page","status-publish","hentry"],"aioseo_notices":[],"aioseo_head":"\n\t\t<!-- All in One SEO 5.0.0.1 - aioseo.com -->\n\t<meta name=\"description\" content=\"Malus domestica Gala Dark Ann\u00aeGala Dark Ann\u00ae Die \u00c4pfel der Sorte Gala Dark Ann\u00ae f\u00e4rben sich fr\u00fch, sodass die Ernte zum richtigen Reifezeitpunkt erfolgen kann. Je nach Ertrag kann die Sorte Gala Dark Ann\u00ae in zweimal geerntet werden. Ausstattung Gala Dark Ann\u00ae. Mutant von Der Dark Ann\u00ae ist eine mutant der Gala. Herkunft Kaufmann (2007),\" \/>\n\t<meta name=\"robots\" content=\"max-image-preview:large\" \/>\n\t<link rel=\"canonical\" href=\"https:\/\/fruitboomkwekerijmorren.nl\/de\/obstbaeume\/gala-dark-ann\/\" \/>\n\t<meta name=\"generator\" content=\"All in One SEO (AIOSEO) 5.0.0.1\" \/>\n\t\t<meta property=\"og:locale\" content=\"de_DE\" \/>\n\t\t<meta property=\"og:site_name\" content=\"Fruitboomkwekerij Morren -\" \/>\n\t\t<meta property=\"og:type\" content=\"article\" \/>\n\t\t<meta property=\"og:title\" content=\"Gala Dark Ann\u00ae - Fruitboomkwekerij Morren\" \/>\n\t\t<meta property=\"og:description\" content=\"Malus domestica Gala Dark Ann\u00aeGala Dark Ann\u00ae Die \u00c4pfel der Sorte Gala Dark Ann\u00ae f\u00e4rben sich fr\u00fch, sodass die Ernte zum richtigen Reifezeitpunkt erfolgen kann. Je nach Ertrag kann die Sorte Gala Dark Ann\u00ae in zweimal geerntet werden. Ausstattung Gala Dark Ann\u00ae. Mutant von Der Dark Ann\u00ae ist eine mutant der Gala. Herkunft Kaufmann (2007),\" \/>\n\t\t<meta property=\"og:url\" content=\"https:\/\/fruitboomkwekerijmorren.nl\/de\/obstbaeume\/gala-dark-ann\/\" \/>\n\t\t<meta property=\"article:published_time\" content=\"2023-09-20T08:03:12+00:00\" \/>\n\t\t<meta property=\"article:modified_time\" content=\"2025-08-26T11:59:25+00:00\" \/>\n\t\t<meta name=\"twitter:card\" content=\"summary_large_image\" \/>\n\t\t<meta name=\"twitter:title\" content=\"Gala Dark Ann\u00ae - Fruitboomkwekerij Morren\" \/>\n\t\t<meta name=\"twitter:description\" content=\"Malus domestica Gala Dark Ann\u00aeGala Dark Ann\u00ae Die \u00c4pfel der Sorte Gala Dark Ann\u00ae f\u00e4rben sich fr\u00fch, sodass die Ernte zum richtigen Reifezeitpunkt erfolgen kann. Je nach Ertrag kann die Sorte Gala Dark Ann\u00ae in zweimal geerntet werden. Ausstattung Gala Dark Ann\u00ae. Mutant von Der Dark Ann\u00ae ist eine mutant der Gala. Herkunft Kaufmann (2007),\" \/>\n\t\t<script type=\"application\/ld+json\" class=\"aioseo-schema\">\n\t\t\t{\"@context\":\"https:\\\/\\\/schema.org\",\"@graph\":[{\"@type\":\"BreadcrumbList\",\"@id\":\"https:\\\/\\\/fruitboomkwekerijmorren.nl\\\/de\\\/obstbaeume\\\/gala-dark-ann\\\/#breadcrumblist\",\"itemListElement\":[{\"@type\":\"ListItem\",\"@id\":\"https:\\\/\\\/fruitboomkwekerijmorren.nl\\\/de\\\/#listItem\",\"position\":1,\"name\":\"Home\",\"item\":\"https:\\\/\\\/fruitboomkwekerijmorren.nl\\\/de\\\/\",\"nextItem\":{\"@type\":\"ListItem\",\"@id\":\"https:\\\/\\\/fruitboomkwekerijmorren.nl\\\/de\\\/obstbaeume\\\/#listItem\",\"name\":\"Obstb\\u00e4ume\"}},{\"@type\":\"ListItem\",\"@id\":\"https:\\\/\\\/fruitboomkwekerijmorren.nl\\\/de\\\/obstbaeume\\\/#listItem\",\"position\":2,\"name\":\"Obstb\\u00e4ume\",\"item\":\"https:\\\/\\\/fruitboomkwekerijmorren.nl\\\/de\\\/obstbaeume\\\/\",\"nextItem\":{\"@type\":\"ListItem\",\"@id\":\"https:\\\/\\\/fruitboomkwekerijmorren.nl\\\/de\\\/obstbaeume\\\/gala-dark-ann\\\/#listItem\",\"name\":\"Gala Dark Ann\\u00ae\"},\"previousItem\":{\"@type\":\"ListItem\",\"@id\":\"https:\\\/\\\/fruitboomkwekerijmorren.nl\\\/de\\\/#listItem\",\"name\":\"Home\"}},{\"@type\":\"ListItem\",\"@id\":\"https:\\\/\\\/fruitboomkwekerijmorren.nl\\\/de\\\/obstbaeume\\\/gala-dark-ann\\\/#listItem\",\"position\":3,\"name\":\"Gala Dark Ann\\u00ae\",\"previousItem\":{\"@type\":\"ListItem\",\"@id\":\"https:\\\/\\\/fruitboomkwekerijmorren.nl\\\/de\\\/obstbaeume\\\/#listItem\",\"name\":\"Obstb\\u00e4ume\"}}]},{\"@type\":\"Organization\",\"@id\":\"https:\\\/\\\/fruitboomkwekerijmorren.nl\\\/de\\\/#organization\",\"name\":\"Fruitboomkwekerij Morren\",\"url\":\"https:\\\/\\\/fruitboomkwekerijmorren.nl\\\/de\\\/\",\"telephone\":\"+31525680352\",\"logo\":{\"@type\":\"ImageObject\",\"url\":\"https:\\\/\\\/fruitboomkwekerijmorren.nl\\\/wp-content\\\/uploads\\\/2023\\\/07\\\/logoMORREN-web275x90.png\",\"@id\":\"https:\\\/\\\/fruitboomkwekerijmorren.nl\\\/de\\\/obstbaeume\\\/gala-dark-ann\\\/#organizationLogo\",\"width\":275,\"height\":90},\"image\":{\"@id\":\"https:\\\/\\\/fruitboomkwekerijmorren.nl\\\/de\\\/obstbaeume\\\/gala-dark-ann\\\/#organizationLogo\"}},{\"@type\":\"WebPage\",\"@id\":\"https:\\\/\\\/fruitboomkwekerijmorren.nl\\\/de\\\/obstbaeume\\\/gala-dark-ann\\\/#webpage\",\"url\":\"https:\\\/\\\/fruitboomkwekerijmorren.nl\\\/de\\\/obstbaeume\\\/gala-dark-ann\\\/\",\"name\":\"Gala Dark Ann\\u00ae - Fruitboomkwekerij Morren\",\"description\":\"Malus domestica Gala Dark Ann\\u00aeGala Dark Ann\\u00ae Die \\u00c4pfel der Sorte Gala Dark Ann\\u00ae f\\u00e4rben sich fr\\u00fch, sodass die Ernte zum richtigen Reifezeitpunkt erfolgen kann. Je nach Ertrag kann die Sorte Gala Dark Ann\\u00ae in zweimal geerntet werden. Ausstattung Gala Dark Ann\\u00ae. Mutant von Der Dark Ann\\u00ae ist eine mutant der Gala. Herkunft Kaufmann (2007),\",\"inLanguage\":\"de-DE\",\"isPartOf\":{\"@id\":\"https:\\\/\\\/fruitboomkwekerijmorren.nl\\\/de\\\/#website\"},\"breadcrumb\":{\"@id\":\"https:\\\/\\\/fruitboomkwekerijmorren.nl\\\/de\\\/obstbaeume\\\/gala-dark-ann\\\/#breadcrumblist\"},\"datePublished\":\"2023-09-20T10:03:12+02:00\",\"dateModified\":\"2025-08-26T13:59:25+02:00\"},{\"@type\":\"WebSite\",\"@id\":\"https:\\\/\\\/fruitboomkwekerijmorren.nl\\\/de\\\/#website\",\"url\":\"https:\\\/\\\/fruitboomkwekerijmorren.nl\\\/de\\\/\",\"name\":\"Fruitboomkwekerij Morren\",\"alternateName\":\"Vruchtboomkwekerij Morren\",\"inLanguage\":\"de-DE\",\"publisher\":{\"@id\":\"https:\\\/\\\/fruitboomkwekerijmorren.nl\\\/de\\\/#organization\"}}]}\n\t\t<\/script>\n\t\t<!-- All in One SEO -->\n\n","aioseo_head_json":{"title":"Gala Dark Ann\u00ae - Fruitboomkwekerij Morren","description":"Malus domestica Gala Dark Ann\u00aeGala Dark Ann\u00ae Die \u00c4pfel der Sorte Gala Dark Ann\u00ae f\u00e4rben sich fr\u00fch, sodass die Ernte zum richtigen Reifezeitpunkt erfolgen kann. Je nach Ertrag kann die Sorte Gala Dark Ann\u00ae in zweimal geerntet werden. Ausstattung Gala Dark Ann\u00ae. Mutant von Der Dark Ann\u00ae ist eine mutant der Gala. Herkunft Kaufmann (2007),","canonical_url":"https:\/\/fruitboomkwekerijmorren.nl\/de\/obstbaeume\/gala-dark-ann\/","robots":"max-image-preview:large","keywords":"","webmasterTools":{"miscellaneous":""},"schema":{"@context":"https:\/\/schema.org","@graph":[{"@type":"BreadcrumbList","@id":"https:\/\/fruitboomkwekerijmorren.nl\/de\/obstbaeume\/gala-dark-ann\/#breadcrumblist","itemListElement":[{"@type":"ListItem","@id":"https:\/\/fruitboomkwekerijmorren.nl\/de\/#listItem","position":1,"name":"Home","item":"https:\/\/fruitboomkwekerijmorren.nl\/de\/","nextItem":{"@type":"ListItem","@id":"https:\/\/fruitboomkwekerijmorren.nl\/de\/obstbaeume\/#listItem","name":"Obstb\u00e4ume"}},{"@type":"ListItem","@id":"https:\/\/fruitboomkwekerijmorren.nl\/de\/obstbaeume\/#listItem","position":2,"name":"Obstb\u00e4ume","item":"https:\/\/fruitboomkwekerijmorren.nl\/de\/obstbaeume\/","nextItem":{"@type":"ListItem","@id":"https:\/\/fruitboomkwekerijmorren.nl\/de\/obstbaeume\/gala-dark-ann\/#listItem","name":"Gala Dark Ann\u00ae"},"previousItem":{"@type":"ListItem","@id":"https:\/\/fruitboomkwekerijmorren.nl\/de\/#listItem","name":"Home"}},{"@type":"ListItem","@id":"https:\/\/fruitboomkwekerijmorren.nl\/de\/obstbaeume\/gala-dark-ann\/#listItem","position":3,"name":"Gala Dark Ann\u00ae","previousItem":{"@type":"ListItem","@id":"https:\/\/fruitboomkwekerijmorren.nl\/de\/obstbaeume\/#listItem","name":"Obstb\u00e4ume"}}]},{"@type":"Organization","@id":"https:\/\/fruitboomkwekerijmorren.nl\/de\/#organization","name":"Fruitboomkwekerij Morren","url":"https:\/\/fruitboomkwekerijmorren.nl\/de\/","telephone":"+31525680352","logo":{"@type":"ImageObject","url":"https:\/\/fruitboomkwekerijmorren.nl\/wp-content\/uploads\/2023\/07\/logoMORREN-web275x90.png","@id":"https:\/\/fruitboomkwekerijmorren.nl\/de\/obstbaeume\/gala-dark-ann\/#organizationLogo","width":275,"height":90},"image":{"@id":"https:\/\/fruitboomkwekerijmorren.nl\/de\/obstbaeume\/gala-dark-ann\/#organizationLogo"}},{"@type":"WebPage","@id":"https:\/\/fruitboomkwekerijmorren.nl\/de\/obstbaeume\/gala-dark-ann\/#webpage","url":"https:\/\/fruitboomkwekerijmorren.nl\/de\/obstbaeume\/gala-dark-ann\/","name":"Gala Dark Ann\u00ae - Fruitboomkwekerij Morren","description":"Malus domestica Gala Dark Ann\u00aeGala Dark Ann\u00ae Die \u00c4pfel der Sorte Gala Dark Ann\u00ae f\u00e4rben sich fr\u00fch, sodass die Ernte zum richtigen Reifezeitpunkt erfolgen kann. Je nach Ertrag kann die Sorte Gala Dark Ann\u00ae in zweimal geerntet werden. Ausstattung Gala Dark Ann\u00ae. Mutant von Der Dark Ann\u00ae ist eine mutant der Gala. Herkunft Kaufmann (2007),","inLanguage":"de-DE","isPartOf":{"@id":"https:\/\/fruitboomkwekerijmorren.nl\/de\/#website"},"breadcrumb":{"@id":"https:\/\/fruitboomkwekerijmorren.nl\/de\/obstbaeume\/gala-dark-ann\/#breadcrumblist"},"datePublished":"2023-09-20T10:03:12+02:00","dateModified":"2025-08-26T13:59:25+02:00"},{"@type":"WebSite","@id":"https:\/\/fruitboomkwekerijmorren.nl\/de\/#website","url":"https:\/\/fruitboomkwekerijmorren.nl\/de\/","name":"Fruitboomkwekerij Morren","alternateName":"Vruchtboomkwekerij Morren","inLanguage":"de-DE","publisher":{"@id":"https:\/\/fruitboomkwekerijmorren.nl\/de\/#organization"}}]},"og:locale":"de_DE","og:site_name":"Fruitboomkwekerij Morren -","og:type":"article","og:title":"Gala Dark Ann\u00ae - Fruitboomkwekerij Morren","og:description":"Malus domestica Gala Dark Ann\u00aeGala Dark Ann\u00ae Die \u00c4pfel der Sorte Gala Dark Ann\u00ae f\u00e4rben sich fr\u00fch, sodass die Ernte zum richtigen Reifezeitpunkt erfolgen kann. Je nach Ertrag kann die Sorte Gala Dark Ann\u00ae in zweimal geerntet werden. Ausstattung Gala Dark Ann\u00ae. Mutant von Der Dark Ann\u00ae ist eine mutant der Gala. Herkunft Kaufmann (2007),","og:url":"https:\/\/fruitboomkwekerijmorren.nl\/de\/obstbaeume\/gala-dark-ann\/","article:published_time":"2023-09-20T08:03:12+00:00","article:modified_time":"2025-08-26T11:59:25+00:00","twitter:card":"summary_large_image","twitter:title":"Gala Dark Ann\u00ae - Fruitboomkwekerij Morren","twitter:description":"Malus domestica Gala Dark Ann\u00aeGala Dark Ann\u00ae Die \u00c4pfel der Sorte Gala Dark Ann\u00ae f\u00e4rben sich fr\u00fch, sodass die Ernte zum richtigen Reifezeitpunkt erfolgen kann. Je nach Ertrag kann die Sorte Gala Dark Ann\u00ae in zweimal geerntet werden. Ausstattung Gala Dark Ann\u00ae. Mutant von Der Dark Ann\u00ae ist eine mutant der Gala. Herkunft Kaufmann (2007),"},"aioseo_meta_data":{"post_id":"22907","title":null,"description":null,"keywords":null,"keyphrases":null,"primary_term":null,"canonical_url":null,"og_title":null,"og_description":null,"og_object_type":"default","og_image_type":"default","og_image_url":null,"og_image_width":null,"og_image_height":null,"og_image_custom_url":null,"og_image_custom_fields":null,"og_video":null,"og_custom_url":null,"og_article_section":null,"og_article_tags":null,"twitter_use_og":false,"twitter_card":"default","twitter_image_type":"default","twitter_image_url":null,"twitter_image_custom_url":null,"twitter_image_custom_fields":null,"twitter_title":null,"twitter_description":null,"schema":{"blockGraphs":[],"customGraphs":[],"default":{"data":{"Article":[],"Course":[],"Dataset":[],"FAQPage":[],"Movie":[],"Person":[],"Product":[],"ProductReview":[],"Car":[],"Recipe":[],"Service":[],"SoftwareApplication":[],"WebPage":[]},"graphName":"","isEnabled":true},"graphs":[]},"schema_type":"default","schema_type_options":null,"pillar_content":false,"robots_default":true,"robots_noindex":false,"robots_noarchive":false,"robots_nosnippet":false,"robots_nofollow":false,"robots_noimageindex":false,"robots_noodp":false,"robots_notranslate":false,"robots_max_snippet":null,"robots_max_videopreview":null,"robots_max_imagepreview":"large","priority":null,"frequency":null,"local_seo":null,"limit_modified_date":false,"created":"2025-08-26 11:56:50","updated":"2026-09-05 02:58:59","focus_keyword":null,"additional_keywords":null,"truseo_locale":null,"ai":null,"breadcrumb_settings":null,"seo_analyzer_scan_date":null},"aioseo_breadcrumb":"<div class=\"aioseo-breadcrumbs\"><span class=\"aioseo-breadcrumb\">\n\t\t\t<a href=\"https:\/\/fruitboomkwekerijmorren.nl\/de\/\" title=\"Home\">Home<\/a>\n\t\t<\/span><span class=\"aioseo-breadcrumb-separator\">&raquo;<\/span><span class=\"aioseo-breadcrumb\">\n\t\t\t<a href=\"https:\/\/fruitboomkwekerijmorren.nl\/de\/obstbaeume\/\" title=\"Obstb\u00e4ume\">Obstb\u00e4ume<\/a>\n\t\t<\/span><span class=\"aioseo-breadcrumb-separator\">&raquo;<\/span><span class=\"aioseo-breadcrumb\">\n\t\t\tGala Dark Ann\u00ae\n\t\t<\/span><\/div>","aioseo_breadcrumb_json":[{"label":"Home","link":"https:\/\/fruitboomkwekerijmorren.nl\/de\/"},{"label":"Obstb\u00e4ume","link":"https:\/\/fruitboomkwekerijmorren.nl\/de\/obstbaeume\/"},{"label":"Gala Dark Ann\u00ae","link":"https:\/\/fruitboomkwekerijmorren.nl\/de\/obstbaeume\/gala-dark-ann\/"}],"_links":{"self":[{"href":"https:\/\/fruitboomkwekerijmorren.nl\/de\/wp-json\/wp\/v2\/pages\/22907","targetHints":{"allow":["GET"]}}],"collection":[{"href":"https:\/\/fruitboomkwekerijmorren.nl\/de\/wp-json\/wp\/v2\/pages"}],"about":[{"href":"https:\/\/fruitboomkwekerijmorren.nl\/de\/wp-json\/wp\/v2\/types\/page"}],"author":[{"embeddable":true,"href":"https:\/\/fruitboomkwekerijmorren.nl\/de\/wp-json\/wp\/v2\/users\/1"}],"replies":[{"embeddable":true,"href":"https:\/\/fruitboomkwekerijmorren.nl\/de\/wp-json\/wp\/v2\/comments?post=22907"}],"version-history":[{"count":7,"href":"https:\/\/fruitboomkwekerijmorren.nl\/de\/wp-json\/wp\/v2\/pages\/22907\/revisions"}],"predecessor-version":[{"id":22914,"href":"https:\/\/fruitboomkwekerijmorren.nl\/de\/wp-json\/wp\/v2\/pages\/22907\/revisions\/22914"}],"up":[{"embeddable":true,"href":"https:\/\/fruitboomkwekerijmorren.nl\/de\/wp-json\/wp\/v2\/pages\/21993"}],"wp:attachment":[{"href":"https:\/\/fruitboomkwekerijmorren.nl\/de\/wp-json\/wp\/v2\/media?parent=22907"}],"curies":[{"name":"wp","href":"https:\/\/api.w.org\/{rel}","templated":true}]}}